{"id":3554,"date":"2021-12-14T16:51:30","date_gmt":"2021-12-14T21:51:30","guid":{"rendered":"http:\/\/cbrcr.org\/?page_id=3554"},"modified":"2022-01-06T10:41:53","modified_gmt":"2022-01-06T15:41:53","slug":"bassin-versant","status":"publish","type":"page","link":"https:\/\/cbrcr.org\/index.php\/bassin-versant\/","title":{"rendered":"Bassin versant"},"content":{"rendered":"\t\t<div data-elementor-type=\"wp-page\" data-elementor-id=\"3554\" class=\"elementor elementor-3554\" data-elementor-post-type=\"page\">\n\t\t\t\t\t\t<section class=\"elementor-section elementor-top-section elementor-element elementor-element-9d70974 elementor-section-boxed elementor-section-height-default elementor-section-height-default\" data-id=\"9d70974\" data-element_type=\"section\" data-e-type=\"section\">\n\t\t\t\t\t\t<div class=\"elementor-container elementor-column-gap-default\">\n\t\t\t\t\t<div class=\"elementor-column elementor-col-100 elementor-top-column elementor-element elementor-element-ea4e4fa\" data-id=\"ea4e4fa\" data-element_type=\"column\" data-e-type=\"column\">\n\t\t\t<div class=\"elementor-widget-wrap elementor-element-populated\">\n\t\t\t\t\t\t<div class=\"elementor-element elementor-element-d334754 elementor-widget elementor-widget-heading\" data-id=\"d334754\" data-element_type=\"widget\" data-e-type=\"widget\" data-widget_type=\"heading.default\">\n\t\t\t\t<div class=\"elementor-widget-container\">\n\t\t\t\t\t<h2 class=\"elementor-heading-title elementor-size-default\">Qu'est qu'un bassin versant ?<\/h2>\t\t\t\t<\/div>\n\t\t\t\t<\/div>\n\t\t\t\t\t<\/div>\n\t\t<\/div>\n\t\t\t\t\t<\/div>\n\t\t<\/section>\n\t\t\t\t<section class=\"elementor-section elementor-top-section elementor-element elementor-element-58d3ea6 elementor-section-boxed elementor-section-height-default elementor-section-height-default\" data-id=\"58d3ea6\" data-element_type=\"section\" data-e-type=\"section\">\n\t\t\t\t\t\t<div class=\"elementor-container elementor-column-gap-default\">\n\t\t\t\t\t<div class=\"elementor-column elementor-col-50 elementor-top-column elementor-element elementor-element-1818694\" data-id=\"1818694\" data-element_type=\"column\" data-e-type=\"column\">\n\t\t\t<div class=\"elementor-widget-wrap elementor-element-populated\">\n\t\t\t\t\t\t<div class=\"elementor-element elementor-element-1927ec4 elementor-widget elementor-widget-video\" data-id=\"1927ec4\" data-element_type=\"widget\" data-e-type=\"widget\" data-settings=\"{&quot;youtube_url&quot;:&quot;https:\\\/\\\/www.youtube.com\\\/watch?v=iNNsJk0tMWA&amp;ab_channel=Agiro&quot;,&quot;video_type&quot;:&quot;youtube&quot;,&quot;controls&quot;:&quot;yes&quot;}\" data-widget_type=\"video.default\">\n\t\t\t\t<div class=\"elementor-widget-container\">\n\t\t\t\t\t\t\t<div class=\"elementor-wrapper elementor-open-inline\">\n\t\t\t<div class=\"elementor-video\"><\/div>\t\t<\/div>\n\t\t\t\t\t\t<\/div>\n\t\t\t\t<\/div>\n\t\t\t\t\t<\/div>\n\t\t<\/div>\n\t\t\t\t<div class=\"elementor-column elementor-col-50 elementor-top-column elementor-element elementor-element-4dd59e1\" data-id=\"4dd59e1\" data-element_type=\"column\" data-e-type=\"column\">\n\t\t\t<div class=\"elementor-widget-wrap elementor-element-populated\">\n\t\t\t\t\t\t<div class=\"elementor-element elementor-element-7109c73 elementor-widget elementor-widget-image-gallery\" data-id=\"7109c73\" data-element_type=\"widget\" data-e-type=\"widget\" data-widget_type=\"image-gallery.default\">\n\t\t\t\t<div class=\"elementor-widget-container\">\n\t\t\t\t\t\t\t<div class=\"elementor-image-gallery\">\n\t\t\t<div id='gallery-1' class='gallery galleryid-3554 gallery-columns-2 gallery-size-full'><figure class='gallery-item'>\n\t\t\t<div class='gallery-icon landscape'>\n\t\t\t\t<a data-elementor-open-lightbox=\"yes\" data-elementor-lightbox-slideshow=\"7109c73\" data-elementor-lightbox-title=\"Carte du r\u00e9seau hydrographique du bassin versant \u00a9\" data-e-action-hash=\"#elementor-action%3Aaction%3Dlightbox%26settings%3DeyJpZCI6MTM1LCJ1cmwiOiJodHRwczpcL1wvY2JyY3Iub3JnXC93cC1jb250ZW50XC91cGxvYWRzXC8yMDE2XC8wNlwvaW1nLWNhcnRlLWh5ZHJvX3RvcG9fcm91dGUuanBnIiwic2xpZGVzaG93IjoiNzEwOWM3MyJ9\" href='https:\/\/cbrcr.org\/wp-content\/uploads\/2016\/06\/img-carte-hydro_topo_route.jpg'><img fetchpriority=\"high\" width=\"797\" height=\"516\" src=\"https:\/\/cbrcr.org\/wp-content\/uploads\/2016\/06\/img-carte-hydro_topo_route.jpg\" class=\"attachment-full size-full\" alt=\"\" decoding=\"async\" srcset=\"https:\/\/cbrcr.org\/wp-content\/uploads\/2016\/06\/img-carte-hydro_topo_route.jpg 797w, https:\/\/cbrcr.org\/wp-content\/uploads\/2016\/06\/img-carte-hydro_topo_route-350x227.jpg 350w, https:\/\/cbrcr.org\/wp-content\/uploads\/2016\/06\/img-carte-hydro_topo_route-300x194.jpg 300w, https:\/\/cbrcr.org\/wp-content\/uploads\/2016\/06\/img-carte-hydro_topo_route-768x497.jpg 768w\" sizes=\"100vw\" \/><\/a>\n\t\t\t<\/div><\/figure><figure class='gallery-item'>\n\t\t\t<div class='gallery-icon landscape'>\n\t\t\t\t<a data-elementor-open-lightbox=\"yes\" data-elementor-lightbox-slideshow=\"7109c73\" data-elementor-lightbox-title=\"D\u00e9limitation des sous-bassins versants \u00a9CBRCR\" data-e-action-hash=\"#elementor-action%3Aaction%3Dlightbox%26settings%3DeyJpZCI6MzYyMywidXJsIjoiaHR0cHM6XC9cL2NicmNyLm9yZ1wvd3AtY29udGVudFwvdXBsb2Fkc1wvMjAyMVwvMTFcL3NzQlYtQ2FwLVJvdWdlLmpwZyIsInNsaWRlc2hvdyI6IjcxMDljNzMifQ%3D%3D\" href='https:\/\/cbrcr.org\/wp-content\/uploads\/2021\/11\/ssBV-Cap-Rouge.jpg'><img width=\"3402\" height=\"1857\" src=\"https:\/\/cbrcr.org\/wp-content\/uploads\/2021\/11\/ssBV-Cap-Rouge.jpg\" class=\"attachment-full size-full\" alt=\"\" decoding=\"async\" srcset=\"https:\/\/cbrcr.org\/wp-content\/uploads\/2021\/11\/ssBV-Cap-Rouge.jpg 3402w, https:\/\/cbrcr.org\/wp-content\/uploads\/2021\/11\/ssBV-Cap-Rouge-300x164.jpg 300w, https:\/\/cbrcr.org\/wp-content\/uploads\/2021\/11\/ssBV-Cap-Rouge-768x419.jpg 768w, https:\/\/cbrcr.org\/wp-content\/uploads\/2021\/11\/ssBV-Cap-Rouge-1024x559.jpg 1024w, https:\/\/cbrcr.org\/wp-content\/uploads\/2021\/11\/ssBV-Cap-Rouge-350x191.jpg 350w\" sizes=\"100vw\" \/><\/a>\n\t\t\t<\/div><\/figure><figure class='gallery-item'>\n\t\t\t<div class='gallery-icon landscape'>\n\t\t\t\t<a data-elementor-open-lightbox=\"yes\" data-elementor-lightbox-slideshow=\"7109c73\" data-elementor-lightbox-title=\"carte de l&#039;occupation des sols du bassin versant \u00a9MAPAQ\" data-e-action-hash=\"#elementor-action%3Aaction%3Dlightbox%26settings%3DeyJpZCI6MzU1NywidXJsIjoiaHR0cHM6XC9cL2NicmNyLm9yZ1wvd3AtY29udGVudFwvdXBsb2Fkc1wvMjAyMVwvMTFcL2NhcnRlLXJlcGFydGl0aW9uLWRlcy1zb2xzLmpwZyIsInNsaWRlc2hvdyI6IjcxMDljNzMifQ%3D%3D\" href='https:\/\/cbrcr.org\/wp-content\/uploads\/2021\/11\/carte-repartition-des-sols.jpg'><img width=\"1084\" height=\"783\" src=\"https:\/\/cbrcr.org\/wp-content\/uploads\/2021\/11\/carte-repartition-des-sols.jpg\" class=\"attachment-full size-full\" alt=\"\" decoding=\"async\" srcset=\"https:\/\/cbrcr.org\/wp-content\/uploads\/2021\/11\/carte-repartition-des-sols.jpg 1084w, https:\/\/cbrcr.org\/wp-content\/uploads\/2021\/11\/carte-repartition-des-sols-300x217.jpg 300w, https:\/\/cbrcr.org\/wp-content\/uploads\/2021\/11\/carte-repartition-des-sols-768x555.jpg 768w, https:\/\/cbrcr.org\/wp-content\/uploads\/2021\/11\/carte-repartition-des-sols-1024x740.jpg 1024w, https:\/\/cbrcr.org\/wp-content\/uploads\/2021\/11\/carte-repartition-des-sols-350x253.jpg 350w\" sizes=\"100vw\" \/><\/a>\n\t\t\t<\/div><\/figure><figure class='gallery-item'>\n\t\t\t<div class='gallery-icon landscape'>\n\t\t\t\t<a data-elementor-open-lightbox=\"yes\" data-elementor-lightbox-slideshow=\"7109c73\" data-elementor-lightbox-title=\"Carte de la localisation des barrages dans le bassin versant \u00a9MAPAQ\" data-e-action-hash=\"#elementor-action%3Aaction%3Dlightbox%26settings%3DeyJpZCI6MTMzLCJ1cmwiOiJodHRwczpcL1wvY2JyY3Iub3JnXC93cC1jb250ZW50XC91cGxvYWRzXC8yMDE2XC8wNlwvaW1nLWNhcnRlLWRlcy1iYXJyYWdlcy5qcGciLCJzbGlkZXNob3ciOiI3MTA5YzczIn0%3D\" href='https:\/\/cbrcr.org\/wp-content\/uploads\/2016\/06\/img-carte-des-barrages.jpg'><img loading=\"lazy\" width=\"1091\" height=\"723\" src=\"https:\/\/cbrcr.org\/wp-content\/uploads\/2016\/06\/img-carte-des-barrages.jpg\" class=\"attachment-full size-full\" alt=\"\" decoding=\"async\" srcset=\"https:\/\/cbrcr.org\/wp-content\/uploads\/2016\/06\/img-carte-des-barrages.jpg 1091w, https:\/\/cbrcr.org\/wp-content\/uploads\/2016\/06\/img-carte-des-barrages-350x232.jpg 350w, https:\/\/cbrcr.org\/wp-content\/uploads\/2016\/06\/img-carte-des-barrages-300x199.jpg 300w, https:\/\/cbrcr.org\/wp-content\/uploads\/2016\/06\/img-carte-des-barrages-768x509.jpg 768w, https:\/\/cbrcr.org\/wp-content\/uploads\/2016\/06\/img-carte-des-barrages-1024x679.jpg 1024w\" sizes=\"100vw\" \/><\/a>\n\t\t\t<\/div><\/figure>\n\t\t<\/div>\n\t\t<\/div>\n\t\t\t\t\t\t<\/div>\n\t\t\t\t<\/div>\n\t\t\t\t\t<\/div>\n\t\t<\/div>\n\t\t\t\t\t<\/div>\n\t\t<\/section>\n\t\t\t\t<section class=\"elementor-section elementor-top-section elementor-element elementor-element-144fab0 elementor-section-boxed elementor-section-height-default elementor-section-height-default\" data-id=\"144fab0\" data-element_type=\"section\" data-e-type=\"section\" data-settings=\"{&quot;background_background&quot;:&quot;classic&quot;}\">\n\t\t\t\t\t\t<div class=\"elementor-container elementor-column-gap-default\">\n\t\t\t\t\t<div class=\"elementor-column elementor-col-100 elementor-top-column elementor-element elementor-element-79daa0e\" data-id=\"79daa0e\" data-element_type=\"column\" data-e-type=\"column\">\n\t\t\t<div class=\"elementor-widget-wrap elementor-element-populated\">\n\t\t\t\t\t\t<div class=\"elementor-element elementor-element-6314561 elementor-widget elementor-widget-heading\" data-id=\"6314561\" data-element_type=\"widget\" data-e-type=\"widget\" data-widget_type=\"heading.default\">\n\t\t\t\t<div class=\"elementor-widget-container\">\n\t\t\t\t\t<h2 class=\"elementor-heading-title elementor-size-default\">Vue d'ensemble<\/h2>\t\t\t\t<\/div>\n\t\t\t\t<\/div>\n\t\t\t\t<div class=\"elementor-element elementor-element-b2e9e75 elementor-widget elementor-widget-text-editor\" data-id=\"b2e9e75\" data-element_type=\"widget\" data-e-type=\"widget\" data-widget_type=\"text-editor.default\">\n\t\t\t\t<div class=\"elementor-widget-container\">\n\t\t\t\t\t\t\t\t\t<p>L&rsquo;ensemble du territoire dont les eaux s&rsquo;\u00e9coulent naturellement vers la rivi\u00e8re du Cap-Rouge constitue le bassin versant de cette derni\u00e8re. La superficie totale du bassin versant de la rivi\u00e8re du Cap-Rouge est de 82 km\u00b2.<\/p><p><span style=\"font-weight: 400;\">Le bassin versant est localis\u00e9 principalement dans les limites de l\u2019arrondissement Sainte-Foy-Sillery-Cap-Rouge de la ville de Qu\u00e9bec et occupe la partie nord-ouest de la ville de Saint-Augustin-de-Desmaures. Il couvre aussi une infime partie des municipalit\u00e9s de Sainte-Catherine-de-la-Jacques-Cartier et de L\u2019Ancienne-Lorette.<\/span><\/p><p><span style=\"font-weight: 400;\">De fa\u00e7on g\u00e9n\u00e9rale, on distingue trois grandes zones : les massifs forestiers en amont, la zone agricole au milieu et la zone urbaine en aval<\/span><\/p>\t\t\t\t\t\t\t\t<\/div>\n\t\t\t\t<\/div>\n\t\t\t\t\t<\/div>\n\t\t<\/div>\n\t\t\t\t\t<\/div>\n\t\t<\/section>\n\t\t\t\t<section class=\"elementor-section elementor-top-section elementor-element elementor-element-716694a elementor-section-boxed elementor-section-height-default elementor-section-height-default\" data-id=\"716694a\" data-element_type=\"section\" data-e-type=\"section\">\n\t\t\t\t\t\t<div class=\"elementor-container elementor-column-gap-default\">\n\t\t\t\t\t<div class=\"elementor-column elementor-col-100 elementor-top-column elementor-element elementor-element-372f85d\" data-id=\"372f85d\" data-element_type=\"column\" data-e-type=\"column\">\n\t\t\t<div class=\"elementor-widget-wrap elementor-element-populated\">\n\t\t\t\t\t\t<div class=\"elementor-element elementor-element-310db7b elementor-widget elementor-widget-heading\" data-id=\"310db7b\" data-element_type=\"widget\" data-e-type=\"widget\" data-widget_type=\"heading.default\">\n\t\t\t\t<div class=\"elementor-widget-container\">\n\t\t\t\t\t<h2 class=\"elementor-heading-title elementor-size-default\">Couvert forestier<\/h2>\t\t\t\t<\/div>\n\t\t\t\t<\/div>\n\t\t\t\t<div class=\"elementor-element elementor-element-650c30c elementor-widget elementor-widget-text-editor\" data-id=\"650c30c\" data-element_type=\"widget\" data-e-type=\"widget\" data-widget_type=\"text-editor.default\">\n\t\t\t\t<div class=\"elementor-widget-container\">\n\t\t\t\t\t\t\t\t\t<p>Le couvert forestier repr\u00e9sente 17 % du bassin versant et comprend le massif du mont B\u00e9lair, les bois\u00e9s en milieu agricole et les parcs et bois\u00e9s urbains.<\/p><ul><li style=\"list-style-type: none;\"><ul><li><span style=\"font-weight: 400;\">Le mont B\u00e9lair (482 m\u00e8tres d\u2019altitude) qui est \u00e0 la source de la rivi\u00e8re, repr\u00e9sente le plus grand couvert forestier du bassin versant. Ce secteur inclut plusieurs \u00e9rabli\u00e8res propices \u00e0 la production de sirop d\u2019\u00e9rable.<\/span><\/li><li><span style=\"font-weight: 400;\">Dans la zone agricole, la majeure partie des for\u00eats a fait place \u00e0 des superficies de champs cultiv\u00e9s. Cependant, plusieurs bois\u00e9s demeurent pr\u00e9sents \u00e0 l\u2019int\u00e9rieur des aires de cultures et de friches.<\/span><\/li><li>\u00c0 l\u2019int\u00e9rieur du p\u00e9rim\u00e8tre urbain, les principales zones bois\u00e9es sont situ\u00e9es sur la base de plein air de Sainte-Foy, dans les parcs municipaux et notamment dans<a href=\"http:\/\/cbrcr.org\/index.php\/les-sentiers\/\" target=\"_blank\" rel=\"noopener\"> le parc lin\u00e9aire des sentiers de la rivi\u00e8re du Cap Rouge<\/a><\/li><li>Le couvert forestier compte plus d\u2019une dizaine de milieux humides : marais, mar\u00e9cages et tourbi\u00e8res bois\u00e9es.<\/li><\/ul><\/li><\/ul>\t\t\t\t\t\t\t\t<\/div>\n\t\t\t\t<\/div>\n\t\t\t\t\t<\/div>\n\t\t<\/div>\n\t\t\t\t\t<\/div>\n\t\t<\/section>\n\t\t\t\t<section class=\"elementor-section elementor-top-section elementor-element elementor-element-caaaf8f elementor-section-boxed elementor-section-height-default elementor-section-height-default\" data-id=\"caaaf8f\" data-element_type=\"section\" data-e-type=\"section\" data-settings=\"{&quot;background_background&quot;:&quot;classic&quot;}\">\n\t\t\t\t\t\t<div class=\"elementor-container elementor-column-gap-default\">\n\t\t\t\t\t<div class=\"elementor-column elementor-col-100 elementor-top-column elementor-element elementor-element-4cd0432\" data-id=\"4cd0432\" data-element_type=\"column\" data-e-type=\"column\">\n\t\t\t<div class=\"elementor-widget-wrap elementor-element-populated\">\n\t\t\t\t\t\t<div class=\"elementor-element elementor-element-3a042bd elementor-widget elementor-widget-image-gallery\" data-id=\"3a042bd\" data-element_type=\"widget\" data-e-type=\"widget\" data-widget_type=\"image-gallery.default\">\n\t\t\t\t<div class=\"elementor-widget-container\">\n\t\t\t\t\t\t\t<div class=\"elementor-image-gallery\">\n\t\t\t<div id='gallery-2' class='gallery galleryid-3554 gallery-columns-3 gallery-size-full'><figure class='gallery-item'>\n\t\t\t<div class='gallery-icon landscape'>\n\t\t\t\t<a data-elementor-open-lightbox=\"yes\" data-elementor-lightbox-slideshow=\"3a042bd\" data-elementor-lightbox-title=\"Vue sur le bassin versant du Mont B\u00e9lair \u00a9CBRCR\" data-e-action-hash=\"#elementor-action%3Aaction%3Dlightbox%26settings%3DeyJpZCI6MjU2NSwidXJsIjoiaHR0cHM6XC9cL2NicmNyLm9yZ1wvd3AtY29udGVudFwvdXBsb2Fkc1wvMjAyMVwvMDZcLzIwMTItMDgtMjEtMTQuMDUuMjIuanBnIiwic2xpZGVzaG93IjoiM2EwNDJiZCJ9\" href='https:\/\/cbrcr.org\/wp-content\/uploads\/2021\/06\/2012-08-21-14.05.22.jpg'><img loading=\"lazy\" width=\"3264\" height=\"2448\" src=\"https:\/\/cbrcr.org\/wp-content\/uploads\/2021\/06\/2012-08-21-14.05.22.jpg\" class=\"attachment-full size-full\" alt=\"\" decoding=\"async\" srcset=\"https:\/\/cbrcr.org\/wp-content\/uploads\/2021\/06\/2012-08-21-14.05.22.jpg 3264w, https:\/\/cbrcr.org\/wp-content\/uploads\/2021\/06\/2012-08-21-14.05.22-300x225.jpg 300w, https:\/\/cbrcr.org\/wp-content\/uploads\/2021\/06\/2012-08-21-14.05.22-768x576.jpg 768w, https:\/\/cbrcr.org\/wp-content\/uploads\/2021\/06\/2012-08-21-14.05.22-1024x768.jpg 1024w, https:\/\/cbrcr.org\/wp-content\/uploads\/2021\/06\/2012-08-21-14.05.22-350x263.jpg 350w\" sizes=\"100vw\" \/><\/a>\n\t\t\t<\/div><\/figure><figure class='gallery-item'>\n\t\t\t<div class='gallery-icon landscape'>\n\t\t\t\t<a data-elementor-open-lightbox=\"yes\" data-elementor-lightbox-slideshow=\"3a042bd\" data-elementor-lightbox-title=\"Carte des milieux humides dans le bassin versant \u00a9OBVC\" data-e-action-hash=\"#elementor-action%3Aaction%3Dlightbox%26settings%3DeyJpZCI6MzU4NiwidXJsIjoiaHR0cHM6XC9cL2NicmNyLm9yZ1wvd3AtY29udGVudFwvdXBsb2Fkc1wvMjAyMVwvMTFcL21pbGlldXhfaHVtaWRlc19DUjIuanBnIiwic2xpZGVzaG93IjoiM2EwNDJiZCJ9\" href='https:\/\/cbrcr.org\/wp-content\/uploads\/2021\/11\/milieux_humides_CR2.jpg'><img loading=\"lazy\" width=\"3300\" height=\"2550\" src=\"https:\/\/cbrcr.org\/wp-content\/uploads\/2021\/11\/milieux_humides_CR2.jpg\" class=\"attachment-full size-full\" alt=\"\" decoding=\"async\" srcset=\"https:\/\/cbrcr.org\/wp-content\/uploads\/2021\/11\/milieux_humides_CR2.jpg 3300w, https:\/\/cbrcr.org\/wp-content\/uploads\/2021\/11\/milieux_humides_CR2-300x232.jpg 300w, https:\/\/cbrcr.org\/wp-content\/uploads\/2021\/11\/milieux_humides_CR2-768x593.jpg 768w, https:\/\/cbrcr.org\/wp-content\/uploads\/2021\/11\/milieux_humides_CR2-1024x791.jpg 1024w, https:\/\/cbrcr.org\/wp-content\/uploads\/2021\/11\/milieux_humides_CR2-350x270.jpg 350w\" sizes=\"100vw\" \/><\/a>\n\t\t\t<\/div><\/figure><figure class='gallery-item'>\n\t\t\t<div class='gallery-icon landscape'>\n\t\t\t\t<a data-elementor-open-lightbox=\"yes\" data-elementor-lightbox-slideshow=\"3a042bd\" data-elementor-lightbox-title=\"Milieu humide dans le parc industriel Fran\u00e7ois Leclerc \u00a9CBRCR\" data-e-action-hash=\"#elementor-action%3Aaction%3Dlightbox%26settings%3DeyJpZCI6MzU1NiwidXJsIjoiaHR0cHM6XC9cL2NicmNyLm9yZ1wvd3AtY29udGVudFwvdXBsb2Fkc1wvMjAyMVwvMTFcL0RTQzAzODM3LmpwZyIsInNsaWRlc2hvdyI6IjNhMDQyYmQifQ%3D%3D\" href='https:\/\/cbrcr.org\/wp-content\/uploads\/2021\/11\/DSC03837.jpg'><img loading=\"lazy\" width=\"2592\" height=\"1944\" src=\"https:\/\/cbrcr.org\/wp-content\/uploads\/2021\/11\/DSC03837.jpg\" class=\"attachment-full size-full\" alt=\"\" decoding=\"async\" srcset=\"https:\/\/cbrcr.org\/wp-content\/uploads\/2021\/11\/DSC03837.jpg 2592w, https:\/\/cbrcr.org\/wp-content\/uploads\/2021\/11\/DSC03837-300x225.jpg 300w, https:\/\/cbrcr.org\/wp-content\/uploads\/2021\/11\/DSC03837-768x576.jpg 768w, https:\/\/cbrcr.org\/wp-content\/uploads\/2021\/11\/DSC03837-1024x768.jpg 1024w, https:\/\/cbrcr.org\/wp-content\/uploads\/2021\/11\/DSC03837-350x263.jpg 350w\" sizes=\"100vw\" \/><\/a>\n\t\t\t<\/div><\/figure>\n\t\t<\/div>\n\t\t<\/div>\n\t\t\t\t\t\t<\/div>\n\t\t\t\t<\/div>\n\t\t\t\t\t<\/div>\n\t\t<\/div>\n\t\t\t\t\t<\/div>\n\t\t<\/section>\n\t\t\t\t<section class=\"elementor-section elementor-top-section elementor-element elementor-element-ebcb121 elementor-section-boxed elementor-section-height-default elementor-section-height-default\" data-id=\"ebcb121\" data-element_type=\"section\" data-e-type=\"section\">\n\t\t\t\t\t\t<div class=\"elementor-container elementor-column-gap-default\">\n\t\t\t\t\t<div class=\"elementor-column elementor-col-100 elementor-top-column elementor-element elementor-element-f43d917\" data-id=\"f43d917\" data-element_type=\"column\" data-e-type=\"column\">\n\t\t\t<div class=\"elementor-widget-wrap elementor-element-populated\">\n\t\t\t\t\t\t<div class=\"elementor-element elementor-element-cc51abe elementor-widget elementor-widget-heading\" data-id=\"cc51abe\" data-element_type=\"widget\" data-e-type=\"widget\" data-widget_type=\"heading.default\">\n\t\t\t\t<div class=\"elementor-widget-container\">\n\t\t\t\t\t<h2 class=\"elementor-heading-title elementor-size-default\">Zone agricole<\/h2>\t\t\t\t<\/div>\n\t\t\t\t<\/div>\n\t\t\t\t<div class=\"elementor-element elementor-element-193fffd elementor-widget elementor-widget-text-editor\" data-id=\"193fffd\" data-element_type=\"widget\" data-e-type=\"widget\" data-widget_type=\"text-editor.default\">\n\t\t\t\t<div class=\"elementor-widget-container\">\n\t\t\t\t\t\t\t\t\t<p><span style=\"font-weight: 400;\">La zone agricole du bassin versant s&rsquo;\u00e9tend vers l\u2019ouest \u00e0 partir du boulevard Wilfrid-Hamel jusqu\u2019au pied du mont B\u00e9lair. Les terres agricoles occupent 56 % de la superficie totale, ce qui repr\u00e9sente environ 46 km<\/span><span style=\"font-weight: 400;\">\u00b2<\/span><span style=\"font-weight: 400;\"> de la superficie du bassin versant. En 2008, on comptait 62 exploitations agricoles, dont les activit\u00e9s principales sont la production de v\u00e9g\u00e9taux, de c\u00e9r\u00e9ales, l\u2019\u00e9levage de bovins laitiers, d&rsquo;animaux de boucherie et de chevaux.<\/span><\/p>\t\t\t\t\t\t\t\t<\/div>\n\t\t\t\t<\/div>\n\t\t\t\t\t<\/div>\n\t\t<\/div>\n\t\t\t\t\t<\/div>\n\t\t<\/section>\n\t\t\t\t<section class=\"elementor-section elementor-top-section elementor-element elementor-element-77bb7a4 elementor-section-boxed elementor-section-height-default elementor-section-height-default\" data-id=\"77bb7a4\" data-element_type=\"section\" data-e-type=\"section\">\n\t\t\t\t\t\t<div class=\"elementor-container elementor-column-gap-default\">\n\t\t\t\t\t<div class=\"elementor-column elementor-col-100 elementor-top-column elementor-element elementor-element-c55275f\" data-id=\"c55275f\" data-element_type=\"column\" data-e-type=\"column\">\n\t\t\t<div class=\"elementor-widget-wrap elementor-element-populated\">\n\t\t\t\t\t\t<div class=\"elementor-element elementor-element-6b0ac9b elementor-widget elementor-widget-image-gallery\" data-id=\"6b0ac9b\" data-element_type=\"widget\" data-e-type=\"widget\" data-widget_type=\"image-gallery.default\">\n\t\t\t\t<div class=\"elementor-widget-container\">\n\t\t\t\t\t\t\t<div class=\"elementor-image-gallery\">\n\t\t\t<div id='gallery-3' class='gallery galleryid-3554 gallery-columns-3 gallery-size-full'><figure class='gallery-item'>\n\t\t\t<div class='gallery-icon landscape'>\n\t\t\t\t<a data-elementor-open-lightbox=\"yes\" data-elementor-lightbox-slideshow=\"6b0ac9b\" data-elementor-lightbox-title=\"Ac\u00e9riculture \u00a9CBRCR\" data-e-action-hash=\"#elementor-action%3Aaction%3Dlightbox%26settings%3DeyJpZCI6Mzg5MywidXJsIjoiaHR0cHM6XC9cL2NicmNyLm9yZ1wvd3AtY29udGVudFwvdXBsb2Fkc1wvMjAyMVwvMTJcL0lNR18wODczLmpwZyIsInNsaWRlc2hvdyI6IjZiMGFjOWIifQ%3D%3D\" href='https:\/\/cbrcr.org\/wp-content\/uploads\/2021\/12\/IMG_0873.jpg'><img loading=\"lazy\" width=\"4032\" height=\"3024\" src=\"https:\/\/cbrcr.org\/wp-content\/uploads\/2021\/12\/IMG_0873.jpg\" class=\"attachment-full size-full\" alt=\"\" decoding=\"async\" srcset=\"https:\/\/cbrcr.org\/wp-content\/uploads\/2021\/12\/IMG_0873.jpg 4032w, https:\/\/cbrcr.org\/wp-content\/uploads\/2021\/12\/IMG_0873-300x225.jpg 300w, https:\/\/cbrcr.org\/wp-content\/uploads\/2021\/12\/IMG_0873-768x576.jpg 768w, https:\/\/cbrcr.org\/wp-content\/uploads\/2021\/12\/IMG_0873-1024x768.jpg 1024w, https:\/\/cbrcr.org\/wp-content\/uploads\/2021\/12\/IMG_0873-350x263.jpg 350w\" sizes=\"100vw\" \/><\/a>\n\t\t\t<\/div><\/figure><figure class='gallery-item'>\n\t\t\t<div class='gallery-icon landscape'>\n\t\t\t\t<a data-elementor-open-lightbox=\"yes\" data-elementor-lightbox-slideshow=\"6b0ac9b\" data-elementor-lightbox-title=\"Carte de la localisation des exploitations agricoles \u00a9MAPAQ\" data-e-action-hash=\"#elementor-action%3Aaction%3Dlightbox%26settings%3DeyJpZCI6Mzg5NCwidXJsIjoiaHR0cHM6XC9cL2NicmNyLm9yZ1wvd3AtY29udGVudFwvdXBsb2Fkc1wvMjAyMVwvMTJcL0NhcnRlLUJWLWFncmljb2xlLmpwZyIsInNsaWRlc2hvdyI6IjZiMGFjOWIifQ%3D%3D\" href='https:\/\/cbrcr.org\/wp-content\/uploads\/2021\/12\/Carte-BV-agricole.jpg'><img loading=\"lazy\" width=\"1028\" height=\"785\" src=\"https:\/\/cbrcr.org\/wp-content\/uploads\/2021\/12\/Carte-BV-agricole.jpg\" class=\"attachment-full size-full\" alt=\"\" decoding=\"async\" srcset=\"https:\/\/cbrcr.org\/wp-content\/uploads\/2021\/12\/Carte-BV-agricole.jpg 1028w, https:\/\/cbrcr.org\/wp-content\/uploads\/2021\/12\/Carte-BV-agricole-300x229.jpg 300w, https:\/\/cbrcr.org\/wp-content\/uploads\/2021\/12\/Carte-BV-agricole-768x586.jpg 768w, https:\/\/cbrcr.org\/wp-content\/uploads\/2021\/12\/Carte-BV-agricole-1024x782.jpg 1024w, https:\/\/cbrcr.org\/wp-content\/uploads\/2021\/12\/Carte-BV-agricole-350x267.jpg 350w\" sizes=\"100vw\" \/><\/a>\n\t\t\t<\/div><\/figure><figure class='gallery-item'>\n\t\t\t<div class='gallery-icon landscape'>\n\t\t\t\t<a data-elementor-open-lightbox=\"yes\" data-elementor-lightbox-slideshow=\"6b0ac9b\" data-elementor-lightbox-title=\"Production de bovins \u00a9CBRCR\" data-e-action-hash=\"#elementor-action%3Aaction%3Dlightbox%26settings%3DeyJpZCI6MjY5LCJ1cmwiOiJodHRwczpcL1wvY2JyY3Iub3JnXC93cC1jb250ZW50XC91cGxvYWRzXC8yMDE2XC8wNlwvdnVlLWJhc3Npbi1kZS1sYS1DYXAtUm91Z2U5LmpwZyIsInNsaWRlc2hvdyI6IjZiMGFjOWIifQ%3D%3D\" href='https:\/\/cbrcr.org\/wp-content\/uploads\/2016\/06\/vue-bassin-de-la-Cap-Rouge9.jpg'><img loading=\"lazy\" width=\"2288\" height=\"1712\" src=\"https:\/\/cbrcr.org\/wp-content\/uploads\/2016\/06\/vue-bassin-de-la-Cap-Rouge9.jpg\" class=\"attachment-full size-full\" alt=\"\" decoding=\"async\" srcset=\"https:\/\/cbrcr.org\/wp-content\/uploads\/2016\/06\/vue-bassin-de-la-Cap-Rouge9.jpg 2288w, https:\/\/cbrcr.org\/wp-content\/uploads\/2016\/06\/vue-bassin-de-la-Cap-Rouge9-350x262.jpg 350w, https:\/\/cbrcr.org\/wp-content\/uploads\/2016\/06\/vue-bassin-de-la-Cap-Rouge9-300x224.jpg 300w, https:\/\/cbrcr.org\/wp-content\/uploads\/2016\/06\/vue-bassin-de-la-Cap-Rouge9-768x575.jpg 768w, https:\/\/cbrcr.org\/wp-content\/uploads\/2016\/06\/vue-bassin-de-la-Cap-Rouge9-1024x766.jpg 1024w\" sizes=\"100vw\" \/><\/a>\n\t\t\t<\/div><\/figure>\n\t\t<\/div>\n\t\t<\/div>\n\t\t\t\t\t\t<\/div>\n\t\t\t\t<\/div>\n\t\t\t\t\t<\/div>\n\t\t<\/div>\n\t\t\t\t\t<\/div>\n\t\t<\/section>\n\t\t\t\t<section class=\"elementor-section elementor-top-section elementor-element elementor-element-7f4cd66 elementor-section-boxed elementor-section-height-default elementor-section-height-default\" data-id=\"7f4cd66\" data-element_type=\"section\" data-e-type=\"section\">\n\t\t\t\t\t\t<div class=\"elementor-container elementor-column-gap-default\">\n\t\t\t\t\t<div class=\"elementor-column elementor-col-100 elementor-top-column elementor-element elementor-element-d507b3f\" data-id=\"d507b3f\" data-element_type=\"column\" data-e-type=\"column\">\n\t\t\t<div class=\"elementor-widget-wrap elementor-element-populated\">\n\t\t\t\t\t\t<div class=\"elementor-element elementor-element-b1e8e37 elementor-widget elementor-widget-heading\" data-id=\"b1e8e37\" data-element_type=\"widget\" data-e-type=\"widget\" data-widget_type=\"heading.default\">\n\t\t\t\t<div class=\"elementor-widget-container\">\n\t\t\t\t\t<h2 class=\"elementor-heading-title elementor-size-default\">Zone urbaine<\/h2>\t\t\t\t<\/div>\n\t\t\t\t<\/div>\n\t\t\t\t<div class=\"elementor-element elementor-element-b891c83 elementor-widget elementor-widget-text-editor\" data-id=\"b891c83\" data-element_type=\"widget\" data-e-type=\"widget\" data-widget_type=\"text-editor.default\">\n\t\t\t\t<div class=\"elementor-widget-container\">\n\t\t\t\t\t\t\t\t\t<p><span style=\"font-weight: 400;\">La zone urbaine du bassin versant se divise en secteurs industriel, commercial et r\u00e9sidentiel.\u00a0<\/span><\/p><ul><li style=\"list-style-type: none;\"><ul><li style=\"font-weight: 400;\" aria-level=\"1\"><span style=\"font-weight: 400;\">Le territoire zon\u00e9 industriel couvre une superficie de 5,9 km<\/span><span style=\"font-weight: 400;\">\u00b2<\/span><span style=\"font-weight: 400;\">, soit environ 7% de la superficie du bassin versant. Les activit\u00e9s industrielles se concentrent majoritairement dans le Parc industriel Fran\u00e7ois Leclerc \u00e0 Saint-Augustin. On y trouve plus de 150 entreprises dans plusieurs secteurs d\u2019activit\u00e9 : distribution de machinerie lourde, transport, usinage, \u00e9quipements sportifs, produits m\u00e9talliques, recyclage, textile, transformation de produits alimentaires, etc.<\/span><\/li><li style=\"font-weight: 400;\" aria-level=\"1\"><span style=\"font-weight: 400;\">La plus grande superficie commerciale est situ\u00e9e le long de l&rsquo;autoroute Duplessis, entre le boulevard Wilfrid Hamel et l\u2019autoroute 40. L\u2019a\u00e9roport international Jean-Lesage quant \u00e0 lui, exerce \u00e0 la fois\u00a0 des activit\u00e9s commerciales et des activit\u00e9s \u00e0 caract\u00e8re industriel.\u00a0<\/span><\/li><li style=\"font-weight: 400;\" aria-level=\"1\"><span style=\"font-weight: 400;\">Les secteurs r\u00e9sidentiels se concentrent dans l\u2019arrondissement Sainte-Foy-Sillery-Cap-Rouge de la ville de Qu\u00e9bec, dans les quartiers du Cap-Rouge, de l\u2019A\u00e9roport (secteur de Champigny) et de Pointe-de-Sainte-Foy. \u00c0 cela s\u2019ajoutent quelques r\u00e9sidences au sud-ouest de la ville de L\u2019Ancienne-Lorette. Ce sont plus de 40 000 r\u00e9sidents, en plus des personnes qui y travaillent, qui profitent de la rivi\u00e8re et de ces attraits touristiques et r\u00e9cr\u00e9atifs.<\/span><\/li><\/ul><\/li><\/ul>\t\t\t\t\t\t\t\t<\/div>\n\t\t\t\t<\/div>\n\t\t\t\t\t<\/div>\n\t\t<\/div>\n\t\t\t\t\t<\/div>\n\t\t<\/section>\n\t\t\t\t<section class=\"elementor-section elementor-top-section elementor-element elementor-element-25a4255 elementor-section-boxed elementor-section-height-default elementor-section-height-default\" data-id=\"25a4255\" data-element_type=\"section\" data-e-type=\"section\">\n\t\t\t\t\t\t<div class=\"elementor-container elementor-column-gap-default\">\n\t\t\t\t\t<div class=\"elementor-column elementor-col-100 elementor-top-column elementor-element elementor-element-cd20590\" data-id=\"cd20590\" data-element_type=\"column\" data-e-type=\"column\">\n\t\t\t<div class=\"elementor-widget-wrap elementor-element-populated\">\n\t\t\t\t\t\t<div class=\"elementor-element elementor-element-2a24f18 elementor-widget elementor-widget-image-gallery\" data-id=\"2a24f18\" data-element_type=\"widget\" data-e-type=\"widget\" data-widget_type=\"image-gallery.default\">\n\t\t\t\t<div class=\"elementor-widget-container\">\n\t\t\t\t\t\t\t<div class=\"elementor-image-gallery\">\n\t\t\t<div id='gallery-4' class='gallery galleryid-3554 gallery-columns-3 gallery-size-full'><figure class='gallery-item'>\n\t\t\t<div class='gallery-icon landscape'>\n\t\t\t\t<a data-elementor-open-lightbox=\"yes\" data-elementor-lightbox-slideshow=\"2a24f18\" data-elementor-lightbox-title=\"\u00c9glise Saint-F\u00e9lix-de-Cap-Rouge \u00a9CBRCR\" data-e-action-hash=\"#elementor-action%3Aaction%3Dlightbox%26settings%3DeyJpZCI6MjY1LCJ1cmwiOiJodHRwczpcL1wvY2JyY3Iub3JnXC93cC1jb250ZW50XC91cGxvYWRzXC8yMDE2XC8wNlwvdnVlLWJhc3Npbi1kZS1sYS1DYXAtUm91Z2U1LmpwZyIsInNsaWRlc2hvdyI6IjJhMjRmMTgifQ%3D%3D\" href='https:\/\/cbrcr.org\/wp-content\/uploads\/2016\/06\/vue-bassin-de-la-Cap-Rouge5.jpg'><img loading=\"lazy\" width=\"2048\" height=\"1536\" src=\"https:\/\/cbrcr.org\/wp-content\/uploads\/2016\/06\/vue-bassin-de-la-Cap-Rouge5.jpg\" class=\"attachment-full size-full\" alt=\"\" decoding=\"async\" srcset=\"https:\/\/cbrcr.org\/wp-content\/uploads\/2016\/06\/vue-bassin-de-la-Cap-Rouge5.jpg 2048w, https:\/\/cbrcr.org\/wp-content\/uploads\/2016\/06\/vue-bassin-de-la-Cap-Rouge5-350x263.jpg 350w, https:\/\/cbrcr.org\/wp-content\/uploads\/2016\/06\/vue-bassin-de-la-Cap-Rouge5-300x225.jpg 300w, https:\/\/cbrcr.org\/wp-content\/uploads\/2016\/06\/vue-bassin-de-la-Cap-Rouge5-768x576.jpg 768w, https:\/\/cbrcr.org\/wp-content\/uploads\/2016\/06\/vue-bassin-de-la-Cap-Rouge5-1024x768.jpg 1024w\" sizes=\"100vw\" \/><\/a>\n\t\t\t<\/div><\/figure><figure class='gallery-item'>\n\t\t\t<div class='gallery-icon landscape'>\n\t\t\t\t<a data-elementor-open-lightbox=\"yes\" data-elementor-lightbox-slideshow=\"2a24f18\" data-elementor-lightbox-title=\"Carte des \u00e9l\u00e9ments du bassin versant \u00a9CBRCR\" data-e-action-hash=\"#elementor-action%3Aaction%3Dlightbox%26settings%3DeyJpZCI6MTM0LCJ1cmwiOiJodHRwczpcL1wvY2JyY3Iub3JnXC93cC1jb250ZW50XC91cGxvYWRzXC8yMDE2XC8wNlwvaW1nLWNhcnRlLWVsZW1lbnRzLWR1LW1pbGlldS5qcGciLCJzbGlkZXNob3ciOiIyYTI0ZjE4In0%3D\" href='https:\/\/cbrcr.org\/wp-content\/uploads\/2016\/06\/img-carte-elements-du-milieu.jpg'><img loading=\"lazy\" width=\"1037\" height=\"646\" src=\"https:\/\/cbrcr.org\/wp-content\/uploads\/2016\/06\/img-carte-elements-du-milieu.jpg\" class=\"attachment-full size-full\" alt=\"\" aria-describedby=\"gallery-4-134\" decoding=\"async\" srcset=\"https:\/\/cbrcr.org\/wp-content\/uploads\/2016\/06\/img-carte-elements-du-milieu.jpg 1037w, https:\/\/cbrcr.org\/wp-content\/uploads\/2016\/06\/img-carte-elements-du-milieu-350x218.jpg 350w, https:\/\/cbrcr.org\/wp-content\/uploads\/2016\/06\/img-carte-elements-du-milieu-300x187.jpg 300w, https:\/\/cbrcr.org\/wp-content\/uploads\/2016\/06\/img-carte-elements-du-milieu-768x478.jpg 768w, https:\/\/cbrcr.org\/wp-content\/uploads\/2016\/06\/img-carte-elements-du-milieu-1024x638.jpg 1024w\" sizes=\"100vw\" \/><\/a>\n\t\t\t<\/div>\n\t\t\t\t<figcaption class='wp-caption-text gallery-caption' id='gallery-4-134'>\n\t\t\t\tCarte des \u00e9l\u00e9ments du bassin versant\n\t\t\t\t<\/figcaption><\/figure><figure class='gallery-item'>\n\t\t\t<div class='gallery-icon landscape'>\n\t\t\t\t<a data-elementor-open-lightbox=\"yes\" data-elementor-lightbox-slideshow=\"2a24f18\" data-elementor-lightbox-title=\"Parc nautique de Cap-Rouge \u00a9CBRCR\" data-e-action-hash=\"#elementor-action%3Aaction%3Dlightbox%26settings%3DeyJpZCI6MjYyLCJ1cmwiOiJodHRwczpcL1wvY2JyY3Iub3JnXC93cC1jb250ZW50XC91cGxvYWRzXC8yMDE2XC8wNlwvdnVlLWJhc3Npbi1kZS1sYS1DYXAtUm91Z2UyLmpwZyIsInNsaWRlc2hvdyI6IjJhMjRmMTgifQ%3D%3D\" href='https:\/\/cbrcr.org\/wp-content\/uploads\/2016\/06\/vue-bassin-de-la-Cap-Rouge2.jpg'><img loading=\"lazy\" width=\"2560\" height=\"1920\" src=\"https:\/\/cbrcr.org\/wp-content\/uploads\/2016\/06\/vue-bassin-de-la-Cap-Rouge2.jpg\" class=\"attachment-full size-full\" alt=\"\" decoding=\"async\" srcset=\"https:\/\/cbrcr.org\/wp-content\/uploads\/2016\/06\/vue-bassin-de-la-Cap-Rouge2.jpg 2560w, https:\/\/cbrcr.org\/wp-content\/uploads\/2016\/06\/vue-bassin-de-la-Cap-Rouge2-350x263.jpg 350w, https:\/\/cbrcr.org\/wp-content\/uploads\/2016\/06\/vue-bassin-de-la-Cap-Rouge2-300x225.jpg 300w, https:\/\/cbrcr.org\/wp-content\/uploads\/2016\/06\/vue-bassin-de-la-Cap-Rouge2-768x576.jpg 768w, https:\/\/cbrcr.org\/wp-content\/uploads\/2016\/06\/vue-bassin-de-la-Cap-Rouge2-1024x768.jpg 1024w\" sizes=\"100vw\" \/><\/a>\n\t\t\t<\/div><\/figure>\n\t\t<\/div>\n\t\t<\/div>\n\t\t\t\t\t\t<\/div>\n\t\t\t\t<\/div>\n\t\t\t\t\t<\/div>\n\t\t<\/div>\n\t\t\t\t\t<\/div>\n\t\t<\/section>\n\t\t\t\t<section class=\"elementor-section elementor-top-section elementor-element elementor-element-2c25534 elementor-section-boxed elementor-section-height-default elementor-section-height-default\" data-id=\"2c25534\" data-element_type=\"section\" data-e-type=\"section\">\n\t\t\t\t\t\t<div class=\"elementor-container elementor-column-gap-default\">\n\t\t\t\t\t<div class=\"elementor-column elementor-col-100 elementor-top-column elementor-element elementor-element-a593018\" data-id=\"a593018\" data-element_type=\"column\" data-e-type=\"column\">\n\t\t\t<div class=\"elementor-widget-wrap elementor-element-populated\">\n\t\t\t\t\t\t<div class=\"elementor-element elementor-element-90eff03 elementor-widget elementor-widget-text-editor\" data-id=\"90eff03\" data-element_type=\"widget\" data-e-type=\"widget\" data-widget_type=\"text-editor.default\">\n\t\t\t\t<div class=\"elementor-widget-container\">\n\t\t\t\t\t\t\t\t\t<p><strong>Pour en savoir plus sur le bassin versant : un<a href=\"http:\/\/cbrcr.org\/index.php\/2009\/12\/17\/2009-portrait-du-bassin-versant-de-la-riviere-du-cap-rouge\/\" rel=\"noopener\"> portrait<\/a> et un <a href=\"http:\/\/cbrcr.org\/index.php\/2011\/12\/17\/2011-diagnostic-du-bassin-versant-de-la-riviere-du-cap-rouge\/\" rel=\"noopener\">diagnostic<\/a> ont \u00e9t\u00e9 r\u00e9alis\u00e9s.<\/strong><\/p>\t\t\t\t\t\t\t\t<\/div>\n\t\t\t\t<\/div>\n\t\t\t\t\t<\/div>\n\t\t<\/div>\n\t\t\t\t\t<\/div>\n\t\t<\/section>\n\t\t\t\t<\/div>\n\t\t","protected":false},"excerpt":{"rendered":"<p>Qu&rsquo;est qu&rsquo;un bassin versant ? Vue d&rsquo;ensemble L&rsquo;ensemble du territoire dont les eaux s&rsquo;\u00e9coulent naturellement vers la rivi\u00e8re du Cap-Rouge constitue le bassin versant de cette derni\u00e8re. La superficie totale du bassin versant de la rivi\u00e8re du Cap-Rouge est de 82 km\u00b2. Le bassin versant est localis\u00e9 principalement dans les limites de l\u2019arrondissement Sainte-Foy-Sillery-Cap-Rouge de &hellip; <\/p>\n<p class=\"link-more\"><a href=\"https:\/\/cbrcr.org\/index.php\/bassin-versant\/\" class=\"more-link\">Continuer la lecture<span class=\"screen-reader-text\"> de &laquo; Bassin versant &raquo;<\/span><\/a><\/p>\n","protected":false},"author":1,"featured_media":0,"parent":0,"menu_order":0,"comment_status":"closed","ping_status":"closed","template":"","meta":{"inline_featured_image":false,"footnotes":""},"class_list":["post-3554","page","type-page","status-publish","hentry"],"publishpress_future_action":{"enabled":false,"date":"2026-05-07 05:45:28","action":"change-status","newStatus":"draft","terms":[],"taxonomy":"","extraData":[]},"publishpress_future_workflow_manual_trigger":{"enabledWorkflows":[]},"_links":{"self":[{"href":"https:\/\/cbrcr.org\/index.php\/wp-json\/wp\/v2\/pages\/3554","targetHints":{"allow":["GET"]}}],"collection":[{"href":"https:\/\/cbrcr.org\/index.php\/wp-json\/wp\/v2\/pages"}],"about":[{"href":"https:\/\/cbrcr.org\/index.php\/wp-json\/wp\/v2\/types\/page"}],"author":[{"embeddable":true,"href":"https:\/\/cbrcr.org\/index.php\/wp-json\/wp\/v2\/users\/1"}],"replies":[{"embeddable":true,"href":"https:\/\/cbrcr.org\/index.php\/wp-json\/wp\/v2\/comments?post=3554"}],"version-history":[{"count":49,"href":"https:\/\/cbrcr.org\/index.php\/wp-json\/wp\/v2\/pages\/3554\/revisions"}],"predecessor-version":[{"id":4871,"href":"https:\/\/cbrcr.org\/index.php\/wp-json\/wp\/v2\/pages\/3554\/revisions\/4871"}],"wp:attachment":[{"href":"https:\/\/cbrcr.org\/index.php\/wp-json\/wp\/v2\/media?parent=3554"}],"curies":[{"name":"wp","href":"https:\/\/api.w.org\/{rel}","templated":true}]}}